{"id":7043,"date":"2020-10-15T14:42:18","date_gmt":"2020-10-15T12:42:18","guid":{"rendered":"https:\/\/diocese-lgf.emblematik.dev\/kommission-fur-katechese-und-katechumenat\/"},"modified":"2021-11-03T09:44:38","modified_gmt":"2021-11-03T08:44:38","slug":"kommission-fur-katechese-und-katechumenat","status":"publish","type":"page","link":"https:\/\/diocese-lgf.ch\/de\/kommission-fur-katechese-und-katechumenat\/","title":{"rendered":"Kommission f\u00fcr Katechese und Katechumenat"},"content":{"rendered":"<div class=\"pf-content\">\t\t<div data-elementor-type=\"wp-post\" data-elementor-id=\"7043\" class=\"elementor elementor-7043 elementor-665\" data-elementor-post-type=\"page\">\n\t\t\t\t\t\t<section class=\"elementor-section elementor-top-section elementor-element elementor-element-4c2a465e elementor-section-boxed elementor-section-height-default elementor-section-height-default\" data-id=\"4c2a465e\" data-element_type=\"section\" data-e-type=\"section\">\n\t\t\t\t\t\t<div class=\"elementor-container elementor-column-gap-default\">\n\t\t\t\t\t<div class=\"elementor-column elementor-col-100 elementor-top-column elementor-element elementor-element-1113c4df\" data-id=\"1113c4df\" data-element_type=\"column\" data-e-type=\"column\">\n\t\t\t<div class=\"elementor-widget-wrap elementor-element-populated\">\n\t\t\t\t\t\t<div class=\"elementor-element elementor-element-27befc11 elementor-widget elementor-widget-text-editor\" data-id=\"27befc11\" data-element_type=\"widget\" data-e-type=\"widget\" data-widget_type=\"text-editor.default\">\n\t\t\t\t<div class=\"elementor-widget-container\">\n\t\t\t\t\t\t\t\t\t<p>Der Bischof ist in erster Linie f\u00fcr die Katechese in der Di\u00f6zese verantwortlich; er leitet und f\u00fchrt alle katechetischen Aktivit\u00e4ten der Di\u00f6zese<em> (allgemeines Direktorium f\u00fcr die Katechese, Nr. 220). <\/em>Hierbei wird er in seiner katechetischen Verantwortung von der Di\u00f6zesankommission f\u00fcr Katechese und Katechumenat unterst\u00fctzt. Im Bereich der Katechese und des Katechumenats hat sie folgende Aufgaben: Sie<\/p>\n<ul>\n<li>begleitet die Reflexion des Bischofs und f\u00f6rdert die Optionen<\/li>\n<li>gibt Impulse, ermutigt und best\u00e4tigt neue Erfahrungen<\/li>\n<li>beh\u00e4lt den Gesamt\u00fcberblick der katechetischen Pastoral:\n<ul>\n<li>analysiert die Herausforderungen<\/li>\n<li>orientiert im Hinblick auf eine gute di\u00f6zesane Stringenz<\/li>\n<li>schl\u00e4gt Orientierungen und Schulungen vor, die die Realit\u00e4t vor Ort ber\u00fccksichtigen<\/li>\n<\/ul>\n<\/li>\n<\/ul>\n<p>f\u00f6rdert ein Netzwerk f\u00fcr den Austausch von Erfahrungen und Ressourcen (Verbindung zu Sprachgemeinschaften, Liturgie und Diakonie)<\/p>\n\t\t\t\t\t\t\t\t<\/div>\n\t\t\t\t<\/div>\n\t\t\t\t\t<\/div>\n\t\t<\/div>\n\t\t\t\t\t<\/div>\n\t\t<\/section>\n\t\t\t\t<section class=\"elementor-section elementor-top-section elementor-element elementor-element-637516d elementor-section-boxed elementor-section-height-default elementor-section-height-default\" data-id=\"637516d\" data-element_type=\"section\" data-e-type=\"section\">\n\t\t\t\t\t\t<div class=\"elementor-container elementor-column-gap-default\">\n\t\t\t\t\t<div class=\"elementor-column elementor-col-100 elementor-top-column elementor-element elementor-element-d677f7c\" data-id=\"d677f7c\" data-element_type=\"column\" data-e-type=\"column\">\n\t\t\t<div class=\"elementor-widget-wrap elementor-element-populated\">\n\t\t\t\t\t\t<div class=\"elementor-element elementor-element-d4b43d8 elementor-widget elementor-widget-heading\" data-id=\"d4b43d8\" data-element_type=\"widget\" data-e-type=\"widget\" data-widget_type=\"heading.default\">\n\t\t\t\t<div class=\"elementor-widget-container\">\n\t\t\t\t\t<h2 class=\"elementor-heading-title elementor-size-default\">Mitgliederliste<\/h2>\t\t\t\t<\/div>\n\t\t\t\t<\/div>\n\t\t\t\t<div class=\"elementor-element elementor-element-df7d4cd elementor-widget elementor-widget-text-editor\" data-id=\"df7d4cd\" data-element_type=\"widget\" data-e-type=\"widget\" data-widget_type=\"text-editor.default\">\n\t\t\t\t<div class=\"elementor-widget-container\">\n\t\t\t\t\t\t\t\t\t<p>Der Bischof ist von Amts wegen Mitglied der Kommission und ernennt seine Mitglieder auf Vorschlag der Kommission. Derzeitige Mitglieder der Kommission:<\/p><ul><li>Msgr. Charles Morerod<\/li><li>Fabienne Gapany Vellozo, Pr\u00e4sidentin (Service Catholique de la Cat\u00e9ch\u00e8se et du Cat\u00e9chum\u00e9nat, Waadt)<\/li><li>Philippe Baudet (Pfarrmoderator, SE Chasseron-Lac, Waadt)<\/li><li>Martine Bulliard (Verantwortliche des Service Catholique de Cat\u00e9ch\u00e8se, Genf)<\/li><li>Katia Cazzaro Thi\u00e9vent (Service Catholique de la Cat\u00e9ch\u00e8se et du Cat\u00e9chum\u00e9nat, Waadt)<\/li><li>Claudien Chevrolet (Service cat\u00e9ch\u00e8se et jeunesse, Freiburg)<\/li><li>Fabienne Gigon (Service Catholique de Cat\u00e9ch\u00e8se, Genf)<\/li><li>Th\u00e9r\u00e8se Habonimana (Verantwortliche des Service Catholique de Cat\u00e9chum\u00e9nat des Adultes, Genf)<\/li><li>Anne-Marie M\u00e9tais (Verantwortliche des Service Catholique de la Cat\u00e9ch\u00e8se et du Cat\u00e9chum\u00e9nat, Waadt)<\/li><li>Fran\u00e7ois Perroset (Verantwortlicher des Service Catholique de la Cat\u00e9ch\u00e8se et du Cat\u00e9chum\u00e9nat, Neuenburg)<\/li><li>Sandra Pythoud Talamona (Service cat\u00e9ch\u00e8se et jeunesse, Freiburg)<\/li><li>Emmanuel Rey (Verantwortlicher des Service cat\u00e9ch\u00e8se et jeunesse, Freiburg)<\/li><li>Marie-Jeanne Waber-Pittet (Service cat\u00e9ch\u00e8se et jeunesse, Freiburg)<\/li><li>Matthias Willauer-Honegger (Service Catholique de la Cat\u00e9ch\u00e8se, Deutschfreiburg)<\/li><\/ul>\t\t\t\t\t\t\t\t<\/div>\n\t\t\t\t<\/div>\n\t\t\t\t\t<\/div>\n\t\t<\/div>\n\t\t\t\t\t<\/div>\n\t\t<\/section>\n\t\t\t\t<\/div>\n\t\t<\/div>","protected":false},"excerpt":{"rendered":"<p>Der Bischof ist in erster Linie f\u00fcr die Katechese in der Di\u00f6zese verantwortlich; er leitet und f\u00fchrt alle katechetischen Aktivit\u00e4ten der Di\u00f6zese (allgemeines Direktorium f\u00fcr die Katechese, Nr. 220). Hierbei [&hellip;]<\/p>\n","protected":false},"author":5,"featured_media":0,"parent":0,"menu_order":8,"comment_status":"closed","ping_status":"closed","template":"","meta":{"_acf_changed":false,"footnotes":""},"categories":[],"tags":[],"class_list":["post-7043","page","type-page","status-publish","hentry"],"acf":[],"_links":{"self":[{"href":"https:\/\/diocese-lgf.ch\/de\/wp-json\/wp\/v2\/pages\/7043","targetHints":{"allow":["GET"]}}],"collection":[{"href":"https:\/\/diocese-lgf.ch\/de\/wp-json\/wp\/v2\/pages"}],"about":[{"href":"https:\/\/diocese-lgf.ch\/de\/wp-json\/wp\/v2\/types\/page"}],"author":[{"embeddable":true,"href":"https:\/\/diocese-lgf.ch\/de\/wp-json\/wp\/v2\/users\/5"}],"replies":[{"embeddable":true,"href":"https:\/\/diocese-lgf.ch\/de\/wp-json\/wp\/v2\/comments?post=7043"}],"version-history":[{"count":20,"href":"https:\/\/diocese-lgf.ch\/de\/wp-json\/wp\/v2\/pages\/7043\/revisions"}],"predecessor-version":[{"id":15506,"href":"https:\/\/diocese-lgf.ch\/de\/wp-json\/wp\/v2\/pages\/7043\/revisions\/15506"}],"wp:attachment":[{"href":"https:\/\/diocese-lgf.ch\/de\/wp-json\/wp\/v2\/media?parent=7043"}],"wp:term":[{"taxonomy":"category","embeddable":true,"href":"https:\/\/diocese-lgf.ch\/de\/wp-json\/wp\/v2\/categories?post=7043"},{"taxonomy":"post_tag","embeddable":true,"href":"https:\/\/diocese-lgf.ch\/de\/wp-json\/wp\/v2\/tags?post=7043"}],"curies":[{"name":"wp","href":"https:\/\/api.w.org\/{rel}","templated":true}]}}