{"id":6883,"date":"2020-10-13T13:57:11","date_gmt":"2020-10-13T11:57:11","guid":{"rendered":"https:\/\/diocese-lgf.emblematik.dev\/zelle-auslandischen-pastoralen-mitarbeitern\/"},"modified":"2025-08-06T14:18:26","modified_gmt":"2025-08-06T12:18:26","slug":"zelle-auslandischen-pastoralen-mitarbeitern","status":"publish","type":"page","link":"https:\/\/diocese-lgf.ch\/de\/zelle-auslandischen-pastoralen-mitarbeitern\/","title":{"rendered":"Zelle \u00abausl\u00e4ndischen\u00bb pastoralen Mitarbeitern"},"content":{"rendered":"<div class=\"pf-content\">\t\t<div data-elementor-type=\"wp-post\" data-elementor-id=\"6883\" class=\"elementor elementor-6883 elementor-739\" data-elementor-post-type=\"page\">\n\t\t\t\t\t\t<section class=\"elementor-section elementor-top-section elementor-element elementor-element-065a253 elementor-section-boxed elementor-section-height-default elementor-section-height-default\" data-id=\"065a253\" data-element_type=\"section\" data-e-type=\"section\">\n\t\t\t\t\t\t<div class=\"elementor-container elementor-column-gap-default\">\n\t\t\t\t\t<div class=\"elementor-column elementor-col-50 elementor-top-column elementor-element elementor-element-5fc4a8e\" data-id=\"5fc4a8e\" data-element_type=\"column\" data-e-type=\"column\">\n\t\t\t<div class=\"elementor-widget-wrap elementor-element-populated\">\n\t\t\t\t\t\t<div class=\"elementor-element elementor-element-791bb72 elementor-widget elementor-widget-image\" data-id=\"791bb72\" data-element_type=\"widget\" data-e-type=\"widget\" data-widget_type=\"image.default\">\n\t\t\t\t<div class=\"elementor-widget-container\">\n\t\t\t\t\t\t\t\t\t\t\t\t\t\t\t<img fetchpriority=\"high\" decoding=\"async\" width=\"722\" height=\"1024\" src=\"https:\/\/diocese-lgf.ch\/wp-content\/uploads\/2023\/10\/P01074-Flyer-dispositif-accueil_DEF_HauteDef_Page_1-722x1024.png\" class=\"attachment-large size-large wp-image-23234\" alt=\"\" srcset=\"https:\/\/diocese-lgf.ch\/wp-content\/uploads\/2023\/10\/P01074-Flyer-dispositif-accueil_DEF_HauteDef_Page_1-722x1024.png 722w, https:\/\/diocese-lgf.ch\/wp-content\/uploads\/2023\/10\/P01074-Flyer-dispositif-accueil_DEF_HauteDef_Page_1-211x300.png 211w, https:\/\/diocese-lgf.ch\/wp-content\/uploads\/2023\/10\/P01074-Flyer-dispositif-accueil_DEF_HauteDef_Page_1-768x1089.png 768w, https:\/\/diocese-lgf.ch\/wp-content\/uploads\/2023\/10\/P01074-Flyer-dispositif-accueil_DEF_HauteDef_Page_1-1083x1536.png 1083w, https:\/\/diocese-lgf.ch\/wp-content\/uploads\/2023\/10\/P01074-Flyer-dispositif-accueil_DEF_HauteDef_Page_1-1444x2048.png 1444w, https:\/\/diocese-lgf.ch\/wp-content\/uploads\/2023\/10\/P01074-Flyer-dispositif-accueil_DEF_HauteDef_Page_1.png 1749w\" sizes=\"(max-width: 722px) 100vw, 722px\" \/>\t\t\t\t\t\t\t\t\t\t\t\t\t\t\t<\/div>\n\t\t\t\t<\/div>\n\t\t\t\t\t<\/div>\n\t\t<\/div>\n\t\t\t\t<div class=\"elementor-column elementor-col-50 elementor-top-column elementor-element elementor-element-a559abf\" data-id=\"a559abf\" data-element_type=\"column\" data-e-type=\"column\">\n\t\t\t<div class=\"elementor-widget-wrap elementor-element-populated\">\n\t\t\t\t\t\t<div class=\"elementor-element elementor-element-924d41c elementor-widget elementor-widget-image\" data-id=\"924d41c\" data-element_type=\"widget\" data-e-type=\"widget\" data-widget_type=\"image.default\">\n\t\t\t\t<div class=\"elementor-widget-container\">\n\t\t\t\t\t\t\t\t\t\t\t\t\t\t\t<img decoding=\"async\" width=\"719\" height=\"1024\" src=\"https:\/\/diocese-lgf.ch\/wp-content\/uploads\/2023\/10\/P01074-Flyer-dispositif-accueil_DEF_HauteDef_Page_2-719x1024.png\" class=\"attachment-large size-large wp-image-23252\" alt=\"\" srcset=\"https:\/\/diocese-lgf.ch\/wp-content\/uploads\/2023\/10\/P01074-Flyer-dispositif-accueil_DEF_HauteDef_Page_2-719x1024.png 719w, https:\/\/diocese-lgf.ch\/wp-content\/uploads\/2023\/10\/P01074-Flyer-dispositif-accueil_DEF_HauteDef_Page_2-211x300.png 211w, https:\/\/diocese-lgf.ch\/wp-content\/uploads\/2023\/10\/P01074-Flyer-dispositif-accueil_DEF_HauteDef_Page_2-768x1094.png 768w, https:\/\/diocese-lgf.ch\/wp-content\/uploads\/2023\/10\/P01074-Flyer-dispositif-accueil_DEF_HauteDef_Page_2-1079x1536.png 1079w, https:\/\/diocese-lgf.ch\/wp-content\/uploads\/2023\/10\/P01074-Flyer-dispositif-accueil_DEF_HauteDef_Page_2-1438x2048.png 1438w, https:\/\/diocese-lgf.ch\/wp-content\/uploads\/2023\/10\/P01074-Flyer-dispositif-accueil_DEF_HauteDef_Page_2.png 1696w\" sizes=\"(max-width: 719px) 100vw, 719px\" \/>\t\t\t\t\t\t\t\t\t\t\t\t\t\t\t<\/div>\n\t\t\t\t<\/div>\n\t\t\t\t\t<\/div>\n\t\t<\/div>\n\t\t\t\t\t<\/div>\n\t\t<\/section>\n\t\t\t\t<section class=\"elementor-section elementor-top-section elementor-element elementor-element-611ebea7 elementor-section-boxed elementor-section-height-default elementor-section-height-default\" data-id=\"611ebea7\" data-element_type=\"section\" data-e-type=\"section\">\n\t\t\t\t\t\t<div class=\"elementor-container elementor-column-gap-default\">\n\t\t\t\t\t<div class=\"elementor-column elementor-col-100 elementor-top-column elementor-element elementor-element-2ec59265\" data-id=\"2ec59265\" data-element_type=\"column\" data-e-type=\"column\">\n\t\t\t<div class=\"elementor-widget-wrap elementor-element-populated\">\n\t\t\t\t\t\t<div class=\"elementor-element elementor-element-46a4055 elementor-widget elementor-widget-text-editor\" data-id=\"46a4055\" data-element_type=\"widget\" data-e-type=\"widget\" data-widget_type=\"text-editor.default\">\n\t\t\t\t<div class=\"elementor-widget-container\">\n\t\t\t\t\t\t\t\t\t<p>Was ist der <strong>di\u00f6zesane Zelle f\u00fcr den Empfang und die Begleitung\u00a0von \u00abausl\u00e4ndischen\u00bb pastoralen Mitarbeitern?<\/strong><\/p><p>Auf Wunsch des Bischofs wurde ein di\u00f6zesaner Zelle f\u00fcr den Empfang und die Begleitung eingerichtet. Er soll die Neuank\u00f6mmlinge unter den pastoralen Mitarbeitern die Ankunft in unserer Di\u00f6zese zu erleichtern. Der Stab besteht aus einem Koordinator oder einer Koordinatorin, einem Priester und einem Laien \u00abvon ausserhalb\u00bb, der in der di\u00f6zesanen Pastoral gut integriert ist. Mit diesem Team soll eine Br\u00fccke geschlagen werden zwischen den Priestern von ausserhalb und den di\u00f6zesanen Instanzen, den Vikariaten und dem pastoralen Wirkungsort.<\/p><p>Im Rahmen dieses Vorhabens wurde ein <a href=\"https:\/\/diocese-lgf.ch\/wp-content\/uploads\/2020\/10\/Livret_accueil_clercs_venus_dailleurs_2017_2018_d.pdf\" target=\"_blank\" rel=\"noopener\">Heft<\/a> zum Empfang und zur Begleitung ver\u00f6ffentlicht, das dem pastoralen Mitarbeiter vor seiner Ankunft bei uns gewidmet ist, sowie an die Bischofsvikare, Pastoralteams und R\u00e4te, die ihn empfangen werden. Ausserdem wurde eine Empfangscharta verfasst, die vom Bischof und vom ankommenden Priester oder pastoralen Mitarbeiter bei seiner Ankunft unterschrieben werden muss. (<a href=\"https:\/\/diocese-lgf.ch\/wp-content\/uploads\/2020\/10\/Charte_AP_venus_dailleurs_2017_2018_d.pdf\" target=\"_blank\" rel=\"noopener\">Charta f\u00fcr Priester und Diakone<\/a> \/ <a href=\"https:\/\/diocese-lgf.ch\/wp-content\/uploads\/2020\/10\/Charte_APL_venus_dailleurs_2017_2018_d.pdf\" target=\"_blank\" rel=\"noopener\">Charta f\u00fcr Laien<\/a>). Bestimmte <a href=\"https:\/\/diocese-lgf.ch\/wp-content\/uploads\/2020\/10\/Exigences_engagement_AP_venu_dailleurs_20180419_d.pdf\" target=\"_blank\" rel=\"noopener\">Voraussetzungen<\/a> sind erforderlich.<\/p><p>Demn\u00e4chst werden die deutsche Fassung des Heftes und der Charta verf\u00fcgbar sein.<\/p>\t\t\t\t\t\t\t\t<\/div>\n\t\t\t\t<\/div>\n\t\t\t\t\t<\/div>\n\t\t<\/div>\n\t\t\t\t\t<\/div>\n\t\t<\/section>\n\t\t\t\t<section class=\"elementor-section elementor-top-section elementor-element elementor-element-2ee597b1 elementor-section-boxed elementor-section-height-default elementor-section-height-default\" data-id=\"2ee597b1\" data-element_type=\"section\" data-e-type=\"section\">\n\t\t\t\t\t\t<div class=\"elementor-container elementor-column-gap-default\">\n\t\t\t\t\t<div class=\"elementor-column elementor-col-100 elementor-top-column elementor-element elementor-element-f04fdef\" data-id=\"f04fdef\" data-element_type=\"column\" data-e-type=\"column\">\n\t\t\t<div class=\"elementor-widget-wrap elementor-element-populated\">\n\t\t\t\t\t\t<div class=\"elementor-element elementor-element-41ab3f89 elementor-widget elementor-widget-heading\" data-id=\"41ab3f89\" data-element_type=\"widget\" data-e-type=\"widget\" data-widget_type=\"heading.default\">\n\t\t\t\t<div class=\"elementor-widget-container\">\n\t\t\t\t\t<h2 class=\"elementor-heading-title elementor-size-default\">Mitgliederliste<\/h2>\t\t\t\t<\/div>\n\t\t\t\t<\/div>\n\t\t\t\t<div class=\"elementor-element elementor-element-539f27c9 elementor-widget elementor-widget-text-editor\" data-id=\"539f27c9\" data-element_type=\"widget\" data-e-type=\"widget\" data-widget_type=\"text-editor.default\">\n\t\t\t\t<div class=\"elementor-widget-container\">\n\t\t\t\t\t\t\t\t\t<ul><li>Mgr Alain de RAEMY<\/li><li>\u00e0 venir (VD)<\/li><li>\u00e0 venir (GE)<\/li><li>\u00e0 venir (FRf)<\/li><li>\u00e0 venir (FRd)<\/li><li>Luc BUCYANA (NE)<\/li><\/ul>\t\t\t\t\t\t\t\t<\/div>\n\t\t\t\t<\/div>\n\t\t\t\t\t<\/div>\n\t\t<\/div>\n\t\t\t\t\t<\/div>\n\t\t<\/section>\n\t\t\t\t<section class=\"elementor-section elementor-top-section elementor-element elementor-element-1cb1789e elementor-section-boxed elementor-section-height-default elementor-section-height-default\" data-id=\"1cb1789e\" data-element_type=\"section\" data-e-type=\"section\">\n\t\t\t\t\t\t<div class=\"elementor-container elementor-column-gap-default\">\n\t\t\t\t\t<div class=\"elementor-column elementor-col-100 elementor-top-column elementor-element elementor-element-6b7612c2\" data-id=\"6b7612c2\" data-element_type=\"column\" data-e-type=\"column\">\n\t\t\t<div class=\"elementor-widget-wrap elementor-element-populated\">\n\t\t\t\t\t\t<div class=\"elementor-element elementor-element-7c7042fa elementor-widget elementor-widget-heading\" data-id=\"7c7042fa\" data-element_type=\"widget\" data-e-type=\"widget\" data-widget_type=\"heading.default\">\n\t\t\t\t<div class=\"elementor-widget-container\">\n\t\t\t\t\t<h2 class=\"elementor-heading-title elementor-size-default\">Dokumente zum Herunterladen<\/h2>\t\t\t\t<\/div>\n\t\t\t\t<\/div>\n\t\t\t\t<div class=\"elementor-element elementor-element-17203fa elementor-icon-list--layout-traditional elementor-list-item-link-full_width elementor-widget elementor-widget-icon-list\" data-id=\"17203fa\" data-element_type=\"widget\" data-e-type=\"widget\" data-widget_type=\"icon-list.default\">\n\t\t\t\t<div class=\"elementor-widget-container\">\n\t\t\t\t\t\t\t<ul class=\"elementor-icon-list-items\">\n\t\t\t\t\t\t\t<li class=\"elementor-icon-list-item\">\n\t\t\t\t\t\t\t\t\t\t\t<a href=\"https:\/\/diocese-lgf.ch\/wp-content\/uploads\/2020\/10\/Livret_accueil_clercs_venus_dailleurs_2017_2018_d.pdf\" target=\"_blank\">\n\n\t\t\t\t\t\t\t\t\t\t\t\t<span class=\"elementor-icon-list-icon\">\n\t\t\t\t\t\t\t<i aria-hidden=\"true\" class=\"far fa-file-pdf\"><\/i>\t\t\t\t\t\t<\/span>\n\t\t\t\t\t\t\t\t\t\t<span class=\"elementor-icon-list-text\">Heft zum Empfang und zur Begleitung<\/span>\n\t\t\t\t\t\t\t\t\t\t\t<\/a>\n\t\t\t\t\t\t\t\t\t<\/li>\n\t\t\t\t\t\t\t\t<li class=\"elementor-icon-list-item\">\n\t\t\t\t\t\t\t\t\t\t\t<a href=\"https:\/\/diocese-lgf.ch\/wp-content\/uploads\/2020\/10\/Charte_AP_venus_dailleurs_2017_2018_d.pdf\" target=\"_blank\">\n\n\t\t\t\t\t\t\t\t\t\t\t\t<span class=\"elementor-icon-list-icon\">\n\t\t\t\t\t\t\t<i aria-hidden=\"true\" class=\"far fa-file-pdf\"><\/i>\t\t\t\t\t\t<\/span>\n\t\t\t\t\t\t\t\t\t\t<span class=\"elementor-icon-list-text\">Charta f\u00fcr Priester und Diakone<\/span>\n\t\t\t\t\t\t\t\t\t\t\t<\/a>\n\t\t\t\t\t\t\t\t\t<\/li>\n\t\t\t\t\t\t\t\t<li class=\"elementor-icon-list-item\">\n\t\t\t\t\t\t\t\t\t\t\t<a href=\"https:\/\/diocese-lgf.ch\/wp-content\/uploads\/2020\/10\/Charte_APL_venus_dailleurs_2017_2018_d.pdf\" target=\"_blank\">\n\n\t\t\t\t\t\t\t\t\t\t\t\t<span class=\"elementor-icon-list-icon\">\n\t\t\t\t\t\t\t<i aria-hidden=\"true\" class=\"far fa-file-pdf\"><\/i>\t\t\t\t\t\t<\/span>\n\t\t\t\t\t\t\t\t\t\t<span class=\"elementor-icon-list-text\">Charta f\u00fcr Laien<\/span>\n\t\t\t\t\t\t\t\t\t\t\t<\/a>\n\t\t\t\t\t\t\t\t\t<\/li>\n\t\t\t\t\t\t\t\t<li class=\"elementor-icon-list-item\">\n\t\t\t\t\t\t\t\t\t\t\t<a href=\"https:\/\/diocese-lgf.ch\/wp-content\/uploads\/2020\/10\/Exigences_engagement_AP_venu_dailleurs_20180419_d.pdf\" target=\"_blank\">\n\n\t\t\t\t\t\t\t\t\t\t\t\t<span class=\"elementor-icon-list-icon\">\n\t\t\t\t\t\t\t<i aria-hidden=\"true\" class=\"far fa-file-pdf\"><\/i>\t\t\t\t\t\t<\/span>\n\t\t\t\t\t\t\t\t\t\t<span class=\"elementor-icon-list-text\">Anforderungen an einen \u00abausl\u00e4ndischen\u00bb pastoralen Mitarbeiter (Priester, Ordensmann oder -frau, Pastoralassistent) im Hinblick auf die Einstellung<\/span>\n\t\t\t\t\t\t\t\t\t\t\t<\/a>\n\t\t\t\t\t\t\t\t\t<\/li>\n\t\t\t\t\t\t\t\t<li class=\"elementor-icon-list-item\">\n\t\t\t\t\t\t\t\t\t\t\t<a href=\"https:\/\/diocese-lgf.ch\/wp-content\/uploads\/2023\/10\/Flyer-Empfang-und-Begleitung.pdf\">\n\n\t\t\t\t\t\t\t\t\t\t\t\t<span class=\"elementor-icon-list-icon\">\n\t\t\t\t\t\t\t<i aria-hidden=\"true\" class=\"far fa-file-pdf\"><\/i>\t\t\t\t\t\t<\/span>\n\t\t\t\t\t\t\t\t\t\t<span class=\"elementor-icon-list-text\">Flyer Empfang und Begleitung<\/span>\n\t\t\t\t\t\t\t\t\t\t\t<\/a>\n\t\t\t\t\t\t\t\t\t<\/li>\n\t\t\t\t\t\t<\/ul>\n\t\t\t\t\t\t<\/div>\n\t\t\t\t<\/div>\n\t\t\t\t\t<\/div>\n\t\t<\/div>\n\t\t\t\t\t<\/div>\n\t\t<\/section>\n\t\t\t\t<\/div>\n\t\t<\/div>","protected":false},"excerpt":{"rendered":"<p>Was ist der di\u00f6zesane Zelle f\u00fcr den Empfang und die Begleitung\u00a0von \u00abausl\u00e4ndischen\u00bb pastoralen Mitarbeitern? Auf Wunsch des Bischofs wurde ein di\u00f6zesaner Zelle f\u00fcr den Empfang und die Begleitung eingerichtet. Er [&hellip;]<\/p>\n","protected":false},"author":5,"featured_media":0,"parent":0,"menu_order":5,"comment_status":"closed","ping_status":"closed","template":"","meta":{"_acf_changed":false,"footnotes":""},"categories":[133,125],"tags":[],"class_list":["post-6883","page","type-page","status-publish","hentry","category-ccom-de","category-eveche-de"],"acf":[],"_links":{"self":[{"href":"https:\/\/diocese-lgf.ch\/de\/wp-json\/wp\/v2\/pages\/6883","targetHints":{"allow":["GET"]}}],"collection":[{"href":"https:\/\/diocese-lgf.ch\/de\/wp-json\/wp\/v2\/pages"}],"about":[{"href":"https:\/\/diocese-lgf.ch\/de\/wp-json\/wp\/v2\/types\/page"}],"author":[{"embeddable":true,"href":"https:\/\/diocese-lgf.ch\/de\/wp-json\/wp\/v2\/users\/5"}],"replies":[{"embeddable":true,"href":"https:\/\/diocese-lgf.ch\/de\/wp-json\/wp\/v2\/comments?post=6883"}],"version-history":[{"count":23,"href":"https:\/\/diocese-lgf.ch\/de\/wp-json\/wp\/v2\/pages\/6883\/revisions"}],"predecessor-version":[{"id":31139,"href":"https:\/\/diocese-lgf.ch\/de\/wp-json\/wp\/v2\/pages\/6883\/revisions\/31139"}],"wp:attachment":[{"href":"https:\/\/diocese-lgf.ch\/de\/wp-json\/wp\/v2\/media?parent=6883"}],"wp:term":[{"taxonomy":"category","embeddable":true,"href":"https:\/\/diocese-lgf.ch\/de\/wp-json\/wp\/v2\/categories?post=6883"},{"taxonomy":"post_tag","embeddable":true,"href":"https:\/\/diocese-lgf.ch\/de\/wp-json\/wp\/v2\/tags?post=6883"}],"curies":[{"name":"wp","href":"https:\/\/api.w.org\/{rel}","templated":true}]}}