{"id":6494,"date":"2020-10-09T11:22:06","date_gmt":"2020-10-09T09:22:06","guid":{"rendered":"https:\/\/diocese-lgf.emblematik.dev\/geschichte\/heilige\/"},"modified":"2020-10-09T11:28:04","modified_gmt":"2020-10-09T09:28:04","slug":"heilige","status":"publish","type":"page","link":"https:\/\/diocese-lgf.ch\/de\/geschichte\/heilige\/","title":{"rendered":"Heilige"},"content":{"rendered":"<div class=\"pf-content\">\t\t<div data-elementor-type=\"wp-post\" data-elementor-id=\"6494\" class=\"elementor elementor-6494 elementor-1926\" data-elementor-post-type=\"page\">\n\t\t\t\t\t\t<section class=\"elementor-section elementor-top-section elementor-element elementor-element-e7b086f elementor-section-boxed elementor-section-height-default elementor-section-height-default\" data-id=\"e7b086f\" data-element_type=\"section\" data-e-type=\"section\">\n\t\t\t\t\t\t<div class=\"elementor-container elementor-column-gap-default\">\n\t\t\t\t\t<div class=\"elementor-column elementor-col-100 elementor-top-column elementor-element elementor-element-749ab36\" data-id=\"749ab36\" data-element_type=\"column\" data-e-type=\"column\">\n\t\t\t<div class=\"elementor-widget-wrap elementor-element-populated\">\n\t\t\t\t\t\t<div class=\"elementor-element elementor-element-eb18e29 elementor-widget elementor-widget-image\" data-id=\"eb18e29\" data-element_type=\"widget\" data-e-type=\"widget\" data-widget_type=\"image.default\">\n\t\t\t\t<div class=\"elementor-widget-container\">\n\t\t\t\t\t\t\t\t\t\t\t\t\t\t\t<img fetchpriority=\"high\" decoding=\"async\" width=\"630\" height=\"573\" src=\"https:\/\/diocese-lgf.ch\/wp-content\/uploads\/2020\/10\/marguerite-bays.png\" class=\"attachment-large size-large wp-image-5694\" alt=\"\" srcset=\"https:\/\/diocese-lgf.ch\/wp-content\/uploads\/2020\/10\/marguerite-bays.png 630w, https:\/\/diocese-lgf.ch\/wp-content\/uploads\/2020\/10\/marguerite-bays-300x273.png 300w\" sizes=\"(max-width: 630px) 100vw, 630px\" \/>\t\t\t\t\t\t\t\t\t\t\t\t\t\t\t<\/div>\n\t\t\t\t<\/div>\n\t\t\t\t\t<\/div>\n\t\t<\/div>\n\t\t\t\t\t<\/div>\n\t\t<\/section>\n\t\t\t\t<section class=\"elementor-section elementor-top-section elementor-element elementor-element-da2b334 elementor-section-boxed elementor-section-height-default elementor-section-height-default\" data-id=\"da2b334\" data-element_type=\"section\" data-e-type=\"section\">\n\t\t\t\t\t\t<div class=\"elementor-container elementor-column-gap-default\">\n\t\t\t\t\t<div class=\"elementor-column elementor-col-100 elementor-top-column elementor-element elementor-element-4185792\" data-id=\"4185792\" data-element_type=\"column\" data-e-type=\"column\">\n\t\t\t<div class=\"elementor-widget-wrap elementor-element-populated\">\n\t\t\t\t\t\t<div class=\"elementor-element elementor-element-2e3e576 elementor-widget elementor-widget-toggle\" data-id=\"2e3e576\" data-element_type=\"widget\" data-e-type=\"widget\" data-widget_type=\"toggle.default\">\n\t\t\t\t<div class=\"elementor-widget-container\">\n\t\t\t\t\t\t\t<div class=\"elementor-toggle\">\n\t\t\t\t\t\t\t<div class=\"elementor-toggle-item\">\n\t\t\t\t\t<div id=\"elementor-tab-title-4841\" class=\"elementor-tab-title\" data-tab=\"1\" role=\"button\" aria-controls=\"elementor-tab-content-4841\" aria-expanded=\"false\">\n\t\t\t\t\t\t\t\t\t\t\t\t<span class=\"elementor-toggle-icon elementor-toggle-icon-left\" aria-hidden=\"true\">\n\t\t\t\t\t\t\t\t\t\t\t\t\t\t\t<span class=\"elementor-toggle-icon-closed\"><i class=\"fas fa-caret-right\"><\/i><\/span>\n\t\t\t\t\t\t\t\t<span class=\"elementor-toggle-icon-opened\"><i class=\"elementor-toggle-icon-opened fas fa-caret-up\"><\/i><\/span>\n\t\t\t\t\t\t\t\t\t\t\t\t\t<\/span>\n\t\t\t\t\t\t\t\t\t\t\t\t<a class=\"elementor-toggle-title\" tabindex=\"0\">Marguerite BAYS (1815-1879)<\/a>\n\t\t\t\t\t<\/div>\n\n\t\t\t\t\t<div id=\"elementor-tab-content-4841\" class=\"elementor-tab-content elementor-clearfix\" data-tab=\"1\" role=\"region\" aria-labelledby=\"elementor-tab-title-4841\"><p><img decoding=\"async\" class=\"size-medium wp-image-1966 alignleft\" src=\"https:\/\/diocese-lgf.ch\/wp-content\/uploads\/2019\/10\/MargueriteBays-202x300.jpg\" alt=\"\" width=\"202\" height=\"300\" srcset=\"https:\/\/diocese-lgf.ch\/wp-content\/uploads\/2019\/10\/MargueriteBays-202x300.jpg 202w, https:\/\/diocese-lgf.ch\/wp-content\/uploads\/2019\/10\/MargueriteBays.jpg 646w\" sizes=\"(max-width: 202px) 100vw, 202px\" \/>Marguerite Bays (8. September 1815 \u2013 27. Juni 1879) kam als zweites von sieben Geschwistern einer Bauernfamilie in La Pierra (in der Gegend von Freiburg) auf die Welt. Von Beruf war sie N\u00e4herin und sp\u00fcrte den Ruf Gottes, ein eheloses Leben zu f\u00fchren und Gott und den N\u00e4chsten mit ihrem einfachen Leben zu dienen. Jeden Tag l\u00e4sst sie sich von Gott heiligen und ist bem\u00fcht, alle Verrichtungen des t\u00e4glichen Lebens in Liebe, Demut und Schweigen zu erledigen. In der Anbetung Jesu in der Eucharistie in der Pfarrkirche von Siviriez, bei der Messe oder im stillen K\u00e4mmerlein bei der Meditation des Kreuzweges sch\u00f6pft sie die Kraft, die sie ihren Angeh\u00f6rigen und der ganzen Welt n\u00e4her bringt. Bereits zu Lebzeiten fiel sie durch ihre Tugenden, ihre Ratschl\u00e4ge und ihre liebevolle Pr\u00e4senz auf, die zum Herzen Jesu f\u00fchrt und wird ans Bett von Kranken und Sterbenden gerufen, die ihre Sorgen mit ihr teilen. Sie hilft den \u00c4rmsten der Armen und wie eine Katechetin der ersten Stunde unterrichtet sie die Kinder in der Liebe Gottes und begleitet sie manchmal nach Notre-Dame du Bois. Sie hilft ihnen, erfinderisch und spielerisch durch die Kontemplation der Weihnachtskrippe das Evangelium zu entdecken, indem sie auf den Heiligen Geist h\u00f6rt. Die Kinder eilen zu ihr und sind begeistert. Marguerite Bays war Terziarin des Ordens des hlg. Franz von Assisi und hat die Stigmata getragen.<\/p><p>Am 13. Oktober 2019 wurde sie heiliggesprochen.<\/p><p>Mehr Informationen:<\/p><ul><li><a href=\"https:\/\/www.marguerite-bays.ch\/\" target=\"_blank\" rel=\"noopener\">Website der Stiftung der Seligen Marguerite Bays<\/a><\/li><li><a href=\"https:\/\/diocese-lgf.ch\/photos-de-la-canonisation-de-marguerite-bays\/\" target=\"_blank\" rel=\"noopener\">Fotos von der Heiligsprechung<\/a><\/li><\/ul><\/div>\n\t\t\t\t<\/div>\n\t\t\t\t\t\t\t<div class=\"elementor-toggle-item\">\n\t\t\t\t\t<div id=\"elementor-tab-title-4842\" class=\"elementor-tab-title\" data-tab=\"2\" role=\"button\" aria-controls=\"elementor-tab-content-4842\" aria-expanded=\"false\">\n\t\t\t\t\t\t\t\t\t\t\t\t<span class=\"elementor-toggle-icon elementor-toggle-icon-left\" aria-hidden=\"true\">\n\t\t\t\t\t\t\t\t\t\t\t\t\t\t\t<span class=\"elementor-toggle-icon-closed\"><i class=\"fas fa-caret-right\"><\/i><\/span>\n\t\t\t\t\t\t\t\t<span class=\"elementor-toggle-icon-opened\"><i class=\"elementor-toggle-icon-opened fas fa-caret-up\"><\/i><\/span>\n\t\t\t\t\t\t\t\t\t\t\t\t\t<\/span>\n\t\t\t\t\t\t\t\t\t\t\t\t<a class=\"elementor-toggle-title\" tabindex=\"0\">Fran\u00e7ois de SALES (1567\u20131622)<\/a>\n\t\t\t\t\t<\/div>\n\n\t\t\t\t\t<div id=\"elementor-tab-content-4842\" class=\"elementor-tab-content elementor-clearfix\" data-tab=\"2\" role=\"region\" aria-labelledby=\"elementor-tab-title-4842\"><p>Er wurde im Schloss von Sales in der N\u00e4he von Thorens-Gli\u00e8res geboren und stammte aus einer adeligen Familie, verzichtete jedoch auf alle Titel des Adels, um sein Leben Gott zu weihen. Nachdem er 1602 Bischof von Genf wurde, gr\u00fcndete er mit der Baronin Jeanne de Chantal den Orden von der Heimsuchung Mariens (der Visitation). Er ist der Schutzpatron der Journalisten und Schriftsteller, weil er schon fr\u00fch die Druckerei benutzte. Er wurde zum Heiligen und Lehrer der katholischen Kirche erkl\u00e4rt.<\/p>\n<\/div>\n\t\t\t\t<\/div>\n\t\t\t\t\t\t\t<div class=\"elementor-toggle-item\">\n\t\t\t\t\t<div id=\"elementor-tab-title-4843\" class=\"elementor-tab-title\" data-tab=\"3\" role=\"button\" aria-controls=\"elementor-tab-content-4843\" aria-expanded=\"false\">\n\t\t\t\t\t\t\t\t\t\t\t\t<span class=\"elementor-toggle-icon elementor-toggle-icon-left\" aria-hidden=\"true\">\n\t\t\t\t\t\t\t\t\t\t\t\t\t\t\t<span class=\"elementor-toggle-icon-closed\"><i class=\"fas fa-caret-right\"><\/i><\/span>\n\t\t\t\t\t\t\t\t<span class=\"elementor-toggle-icon-opened\"><i class=\"elementor-toggle-icon-opened fas fa-caret-up\"><\/i><\/span>\n\t\t\t\t\t\t\t\t\t\t\t\t\t<\/span>\n\t\t\t\t\t\t\t\t\t\t\t\t<a class=\"elementor-toggle-title\" tabindex=\"0\">Pierre Canisius (1521-1597)<\/a>\n\t\t\t\t\t<\/div>\n\n\t\t\t\t\t<div id=\"elementor-tab-content-4843\" class=\"elementor-tab-content elementor-clearfix\" data-tab=\"3\" role=\"region\" aria-labelledby=\"elementor-tab-title-4843\"><p>Er kam in Nimwegen, in den Niederlanden, zur Welt und studierte Philosophie und Theologie in K\u00f6ln. 1543 tritt er in die Societas Jesu ein und wird in K\u00f6ln 1546 zum Priester geweiht. Canisius leistete einen wichtigen Beitrag zur katholischen Reform. Als unerm\u00fcdlicher Prediger verfasst er drei Katechismen, einen f\u00fcr jeden Lebensabschnitt. Er war sehr gefragt als Berater von Bisch\u00f6fen und Prinzen, im Dienst der katholischen Reform. 1582 gr\u00fcndet er das Gymnasium St. Michel in Freiburg. 1597 stirbt er, wegen seiner Fr\u00f6mmigkeit und seines apostolischen Eifers von der Bev\u00f6lkerung wie ein Heiliger verehrt. Er ruht in der Kirche des Coll\u00e8ge St. Michel und wurde von Pius XI. 1925 (sein Fest ist am 27. April) heiliggesprochen und zum Kirchenlehrer erkl\u00e4rt. Seine Katechismen wurden in zw\u00f6lf Sprachen \u00fcbersetzt, in 200 Ausgaben ver\u00f6ffentlicht und blieben bis ins XIX. Jahrhundert die wichtigste Synopsis des katholischen Glaubens.<\/p>\n<\/div>\n\t\t\t\t<\/div>\n\t\t\t\t\t\t\t<div class=\"elementor-toggle-item\">\n\t\t\t\t\t<div id=\"elementor-tab-title-4844\" class=\"elementor-tab-title\" data-tab=\"4\" role=\"button\" aria-controls=\"elementor-tab-content-4844\" aria-expanded=\"false\">\n\t\t\t\t\t\t\t\t\t\t\t\t<span class=\"elementor-toggle-icon elementor-toggle-icon-left\" aria-hidden=\"true\">\n\t\t\t\t\t\t\t\t\t\t\t\t\t\t\t<span class=\"elementor-toggle-icon-closed\"><i class=\"fas fa-caret-right\"><\/i><\/span>\n\t\t\t\t\t\t\t\t<span class=\"elementor-toggle-icon-opened\"><i class=\"elementor-toggle-icon-opened fas fa-caret-up\"><\/i><\/span>\n\t\t\t\t\t\t\t\t\t\t\t\t\t<\/span>\n\t\t\t\t\t\t\t\t\t\t\t\t<a class=\"elementor-toggle-title\" tabindex=\"0\">Maire (530 oder 537 - 593 oder 601)<\/a>\n\t\t\t\t\t<\/div>\n\n\t\t\t\t\t<div id=\"elementor-tab-content-4844\" class=\"elementor-tab-content elementor-clearfix\" data-tab=\"4\" role=\"region\" aria-labelledby=\"elementor-tab-title-4844\"><p>Bischof von Avenches \u2013 Lausanne<\/p>\n<\/div>\n\t\t\t\t<\/div>\n\t\t\t\t\t\t\t\t<\/div>\n\t\t\t\t\t\t<\/div>\n\t\t\t\t<\/div>\n\t\t\t\t\t<\/div>\n\t\t<\/div>\n\t\t\t\t\t<\/div>\n\t\t<\/section>\n\t\t\t\t<section class=\"elementor-section elementor-top-section elementor-element elementor-element-2f157161 elementor-section-boxed elementor-section-height-default elementor-section-height-default\" data-id=\"2f157161\" data-element_type=\"section\" data-e-type=\"section\">\n\t\t\t\t\t\t<div class=\"elementor-container elementor-column-gap-default\">\n\t\t\t\t\t<div class=\"elementor-column elementor-col-100 elementor-top-column elementor-element elementor-element-2756596b\" data-id=\"2756596b\" data-element_type=\"column\" data-e-type=\"column\">\n\t\t\t<div class=\"elementor-widget-wrap elementor-element-populated\">\n\t\t\t\t\t\t<div class=\"elementor-element elementor-element-5a2eeac8 elementor-widget elementor-widget-heading\" data-id=\"5a2eeac8\" data-element_type=\"widget\" data-e-type=\"widget\" data-widget_type=\"heading.default\">\n\t\t\t\t<div class=\"elementor-widget-container\">\n\t\t\t\t\t<h2 class=\"elementor-heading-title elementor-size-small\">Links<\/h2>\t\t\t\t<\/div>\n\t\t\t\t<\/div>\n\t\t\t\t<div class=\"elementor-element elementor-element-22074635 elementor-icon-list--layout-traditional elementor-list-item-link-full_width elementor-widget elementor-widget-icon-list\" data-id=\"22074635\" data-element_type=\"widget\" data-e-type=\"widget\" data-widget_type=\"icon-list.default\">\n\t\t\t\t<div class=\"elementor-widget-container\">\n\t\t\t\t\t\t\t<ul class=\"elementor-icon-list-items\">\n\t\t\t\t\t\t\t<li class=\"elementor-icon-list-item\">\n\t\t\t\t\t\t\t\t\t\t\t<a href=\"https:\/\/www.heiligederschweiz.ch\/\">\n\n\t\t\t\t\t\t\t\t\t\t\t\t<span class=\"elementor-icon-list-icon\">\n\t\t\t\t\t\t\t<i aria-hidden=\"true\" class=\"fas fa-arrow-circle-right\"><\/i>\t\t\t\t\t\t<\/span>\n\t\t\t\t\t\t\t\t\t\t<span class=\"elementor-icon-list-text\">Die Heiligen der Schweiz<\/span>\n\t\t\t\t\t\t\t\t\t\t\t<\/a>\n\t\t\t\t\t\t\t\t\t<\/li>\n\t\t\t\t\t\t<\/ul>\n\t\t\t\t\t\t<\/div>\n\t\t\t\t<\/div>\n\t\t\t\t\t<\/div>\n\t\t<\/div>\n\t\t\t\t\t<\/div>\n\t\t<\/section>\n\t\t\t\t<\/div>\n\t\t<\/div>","protected":false},"excerpt":{"rendered":"<p>Marguerite BAYS (1815-1879) Marguerite Bays (8. September 1815 \u2013 27. Juni 1879) kam als zweites von sieben Geschwistern einer Bauernfamilie in La Pierra (in der Gegend von Freiburg) auf die [&hellip;]<\/p>\n","protected":false},"author":4,"featured_media":0,"parent":6398,"menu_order":4,"comment_status":"closed","ping_status":"closed","template":"","meta":{"_acf_changed":false,"footnotes":""},"categories":[125,126],"tags":[],"class_list":["post-6494","page","type-page","status-publish","hentry","category-eveche-de","category-histoire-de"],"acf":[],"_links":{"self":[{"href":"https:\/\/diocese-lgf.ch\/de\/wp-json\/wp\/v2\/pages\/6494","targetHints":{"allow":["GET"]}}],"collection":[{"href":"https:\/\/diocese-lgf.ch\/de\/wp-json\/wp\/v2\/pages"}],"about":[{"href":"https:\/\/diocese-lgf.ch\/de\/wp-json\/wp\/v2\/types\/page"}],"author":[{"embeddable":true,"href":"https:\/\/diocese-lgf.ch\/de\/wp-json\/wp\/v2\/users\/4"}],"replies":[{"embeddable":true,"href":"https:\/\/diocese-lgf.ch\/de\/wp-json\/wp\/v2\/comments?post=6494"}],"version-history":[{"count":7,"href":"https:\/\/diocese-lgf.ch\/de\/wp-json\/wp\/v2\/pages\/6494\/revisions"}],"predecessor-version":[{"id":6511,"href":"https:\/\/diocese-lgf.ch\/de\/wp-json\/wp\/v2\/pages\/6494\/revisions\/6511"}],"up":[{"embeddable":true,"href":"https:\/\/diocese-lgf.ch\/de\/wp-json\/wp\/v2\/pages\/6398"}],"wp:attachment":[{"href":"https:\/\/diocese-lgf.ch\/de\/wp-json\/wp\/v2\/media?parent=6494"}],"wp:term":[{"taxonomy":"category","embeddable":true,"href":"https:\/\/diocese-lgf.ch\/de\/wp-json\/wp\/v2\/categories?post=6494"},{"taxonomy":"post_tag","embeddable":true,"href":"https:\/\/diocese-lgf.ch\/de\/wp-json\/wp\/v2\/tags?post=6494"}],"curies":[{"name":"wp","href":"https:\/\/api.w.org\/{rel}","templated":true}]}}