{"id":6470,"date":"2020-10-09T11:08:04","date_gmt":"2020-10-09T09:08:04","guid":{"rendered":"https:\/\/diocese-lgf.emblematik.dev\/geschichte\/kardinale\/"},"modified":"2020-10-09T11:13:08","modified_gmt":"2020-10-09T09:13:08","slug":"kardinale","status":"publish","type":"page","link":"https:\/\/diocese-lgf.ch\/de\/geschichte\/kardinale\/","title":{"rendered":"Kardin\u00e4le"},"content":{"rendered":"<div class=\"pf-content\">\t\t<div data-elementor-type=\"wp-post\" data-elementor-id=\"6470\" class=\"elementor elementor-6470 elementor-1922\" data-elementor-post-type=\"page\">\n\t\t\t\t\t\t<section class=\"elementor-section elementor-top-section elementor-element elementor-element-0b9e6cd elementor-section-boxed elementor-section-height-default elementor-section-height-default\" data-id=\"0b9e6cd\" data-element_type=\"section\" data-e-type=\"section\">\n\t\t\t\t\t\t<div class=\"elementor-container elementor-column-gap-default\">\n\t\t\t\t\t<div class=\"elementor-column elementor-col-100 elementor-top-column elementor-element elementor-element-7d18081\" data-id=\"7d18081\" data-element_type=\"column\" data-e-type=\"column\">\n\t\t\t<div class=\"elementor-widget-wrap elementor-element-populated\">\n\t\t\t\t\t\t<div class=\"elementor-element elementor-element-fe32fac elementor-widget elementor-widget-image\" data-id=\"fe32fac\" data-element_type=\"widget\" data-e-type=\"widget\" data-widget_type=\"image.default\">\n\t\t\t\t<div class=\"elementor-widget-container\">\n\t\t\t\t\t\t\t\t\t\t\t\t\t\t\t<img fetchpriority=\"high\" decoding=\"async\" width=\"517\" height=\"320\" src=\"https:\/\/diocese-lgf.ch\/wp-content\/uploads\/2020\/10\/cardinaux.jpg\" class=\"attachment-large size-large wp-image-5653\" alt=\"\" srcset=\"https:\/\/diocese-lgf.ch\/wp-content\/uploads\/2020\/10\/cardinaux.jpg 517w, https:\/\/diocese-lgf.ch\/wp-content\/uploads\/2020\/10\/cardinaux-300x186.jpg 300w\" sizes=\"(max-width: 517px) 100vw, 517px\" \/>\t\t\t\t\t\t\t\t\t\t\t\t\t\t\t<\/div>\n\t\t\t\t<\/div>\n\t\t\t\t\t<\/div>\n\t\t<\/div>\n\t\t\t\t\t<\/div>\n\t\t<\/section>\n\t\t\t\t<section class=\"elementor-section elementor-top-section elementor-element elementor-element-da2b334 elementor-section-boxed elementor-section-height-default elementor-section-height-default\" data-id=\"da2b334\" data-element_type=\"section\" data-e-type=\"section\">\n\t\t\t\t\t\t<div class=\"elementor-container elementor-column-gap-default\">\n\t\t\t\t\t<div class=\"elementor-column elementor-col-100 elementor-top-column elementor-element elementor-element-4185792\" data-id=\"4185792\" data-element_type=\"column\" data-e-type=\"column\">\n\t\t\t<div class=\"elementor-widget-wrap elementor-element-populated\">\n\t\t\t\t\t\t<div class=\"elementor-element elementor-element-2e3e576 elementor-widget elementor-widget-toggle\" data-id=\"2e3e576\" data-element_type=\"widget\" data-e-type=\"widget\" data-widget_type=\"toggle.default\">\n\t\t\t\t<div class=\"elementor-widget-container\">\n\t\t\t\t\t\t\t<div class=\"elementor-toggle\">\n\t\t\t\t\t\t\t<div class=\"elementor-toggle-item\">\n\t\t\t\t\t<div id=\"elementor-tab-title-4841\" class=\"elementor-tab-title\" data-tab=\"1\" role=\"button\" aria-controls=\"elementor-tab-content-4841\" aria-expanded=\"false\">\n\t\t\t\t\t\t\t\t\t\t\t\t<span class=\"elementor-toggle-icon elementor-toggle-icon-left\" aria-hidden=\"true\">\n\t\t\t\t\t\t\t\t\t\t\t\t\t\t\t<span class=\"elementor-toggle-icon-closed\"><i class=\"fas fa-caret-right\"><\/i><\/span>\n\t\t\t\t\t\t\t\t<span class=\"elementor-toggle-icon-opened\"><i class=\"elementor-toggle-icon-opened fas fa-caret-up\"><\/i><\/span>\n\t\t\t\t\t\t\t\t\t\t\t\t\t<\/span>\n\t\t\t\t\t\t\t\t\t\t\t\t<a class=\"elementor-toggle-title\" tabindex=\"0\">Georges Marie Martin COTTIER (1922-2016)<\/a>\n\t\t\t\t\t<\/div>\n\n\t\t\t\t\t<div id=\"elementor-tab-content-4841\" class=\"elementor-tab-content elementor-clearfix\" data-tab=\"1\" role=\"region\" aria-labelledby=\"elementor-tab-title-4841\"><p><img decoding=\"async\" class=\"size-medium wp-image-1905 alignleft\" src=\"https:\/\/diocese-lgf.ch\/wp-content\/uploads\/2019\/10\/cardinal_Cottier_5a2abb7b26-197x300.jpg\" alt=\"\" width=\"197\" height=\"300\" srcset=\"https:\/\/diocese-lgf.ch\/wp-content\/uploads\/2019\/10\/cardinal_Cottier_5a2abb7b26-197x300.jpg 197w, https:\/\/diocese-lgf.ch\/wp-content\/uploads\/2019\/10\/cardinal_Cottier_5a2abb7b26.jpg 200w\" sizes=\"(max-width: 197px) 100vw, 197px\" \/>Als Dominikaner, Philosoph und Theologe war er stark vom Gedankengut von Kardinal Journet beeinflusst.<\/p><p>Er wurde in Carouge geboren, erhielt sein Diplom in klassischer Philologie 1944 und trat 1945 in den Orden der Dominikaner ein. 1951 wurde er zum Priester geweiht und studierte anschliessend Philosophie und Theologie am Angelicum in Rom, wo er 1952 eine \u00abLaurea\u00bb bzw. Lizenziat in Theologie erhielt. 1959 erhielt er den Doktortitel von der Philologischen Fakult\u00e4t der Universit\u00e4t Genf mit einer Doktorarbeit \u00fcber den \u00abAtheismus des jungen Marx und seine hegelianischen Wurzeln\u00bb. Er wurde als Experte f\u00fcr Marx und den Atheismus betrachtet. Von 1962 bis 1987 unterrichtete er an der Universit\u00e4t Genf. Von 1973 bis 1990 arbeitete er als Professor f\u00fcr Geschichte der modernen und zeitgen\u00f6ssischen Philosophie an der Universit\u00e4t Freiburg und war Autor mehrerer Werke \u00fcber theologische und philosophische Themen.<\/p><p>Unter dem Einfluss des Gedankengutes von Kardinal Journet setzte er sich f\u00fcr den Dialog und die Vers\u00f6hnung mit den Juden ein.<\/p><p>Nachdem er von Johannes Paul II. beim Konsistorum am 21. Oktober 2003 zum nicht wahlberechtigten Kardinal mit dem Titel Cardinalice de Santi Domenico e Sisto ernannt wurde, war er als Theologie des P\u00e4pstlichen Hauses und Generalsekret\u00e4r der internationalen theologischen Kommission t\u00e4tig.<\/p><p>2007 wurde seine Biographie unter dem Titel \u00abGeorges Cottier: Itin\u00e9raire d\u2019un croyant\u00bb ver\u00f6ffentlicht.<\/p><p>Am 11. Dezember 2011 pr\u00e4sidierte er die Bischofsweihe von Mgr. Charles Morerod.<\/p><p class=\"align-justify\">Kardinal Cottier ist am 31. Marz 2016 verstorben.<\/p><\/div>\n\t\t\t\t<\/div>\n\t\t\t\t\t\t\t<div class=\"elementor-toggle-item\">\n\t\t\t\t\t<div id=\"elementor-tab-title-4842\" class=\"elementor-tab-title\" data-tab=\"2\" role=\"button\" aria-controls=\"elementor-tab-content-4842\" aria-expanded=\"false\">\n\t\t\t\t\t\t\t\t\t\t\t\t<span class=\"elementor-toggle-icon elementor-toggle-icon-left\" aria-hidden=\"true\">\n\t\t\t\t\t\t\t\t\t\t\t\t\t\t\t<span class=\"elementor-toggle-icon-closed\"><i class=\"fas fa-caret-right\"><\/i><\/span>\n\t\t\t\t\t\t\t\t<span class=\"elementor-toggle-icon-opened\"><i class=\"elementor-toggle-icon-opened fas fa-caret-up\"><\/i><\/span>\n\t\t\t\t\t\t\t\t\t\t\t\t\t<\/span>\n\t\t\t\t\t\t\t\t\t\t\t\t<a class=\"elementor-toggle-title\" tabindex=\"0\">Charles JOURNET (1891-1975)<\/a>\n\t\t\t\t\t<\/div>\n\n\t\t\t\t\t<div id=\"elementor-tab-content-4842\" class=\"elementor-tab-content elementor-clearfix\" data-tab=\"2\" role=\"region\" aria-labelledby=\"elementor-tab-title-4842\"><p><strong><img decoding=\"async\" class=\"size-medium wp-image-1911 alignleft\" src=\"https:\/\/diocese-lgf.ch\/wp-content\/uploads\/2019\/10\/Cardinal_Journet_accad80692-188x300.jpg\" alt=\"\" width=\"188\" height=\"300\" srcset=\"https:\/\/diocese-lgf.ch\/wp-content\/uploads\/2019\/10\/Cardinal_Journet_accad80692-188x300.jpg 188w, https:\/\/diocese-lgf.ch\/wp-content\/uploads\/2019\/10\/Cardinal_Journet_accad80692.jpg 200w\" sizes=\"(max-width: 188px) 100vw, 188px\" \/>Er war der Gr\u00fcnder von \u00abNova et Vetera\u00bb und hat beim Zweiten Vatikanischen Konzil eine wichtige Rolle gespielt.<\/strong><\/p><p>Er wurde am 26. Januar 1891 in Genf geboren. Nach einer Lehre in der Bank f\u00fchlte er sich zum Priesteramt berufen. Er beendete seine klassischen Studien und trat ins Grosse Seminar der Di\u00f6zese in Freiburg ein. Nach seiner Weihe zum Priester 1917 war er zun\u00e4chst als Kaplan in verschiedenen Pfarreien t\u00e4tig (Carouge, St. Pierre in Freiburg, Sacr\u00e9-Coeur in Genf), sp\u00e4ter Professor f\u00fcr Dogmatik und Rektor des Seminars von Freiburg (1924). 1926 gr\u00fcndete er zusammen mit Fran\u00e7ois Charri\u00e8re, dem zuk\u00fcnftigen Bischof von Lausanne, Genf und Freiburg, die Zeitschrift Nova et Vetera, die philosophische, geistliche und kulturelle Themen behandelte.<\/p><p>Der Abt Journet weckte Sympathien f\u00fcr den Katholizismus unter den Intellektuellen und K\u00fcnstlern, indem er Vortr\u00e4ge hielt und franz\u00f6sische Schriftsteller der katholischen Erneuerungsbewegung nach Genf einlud. Er war fest von der Idee \u00fcberzeugt \u2013 die er vom Philosophen Jacques Maritain \u00fcbernommen hatte, mit dem ihn eine tiefe Freundschaft verband und von der eine reichhaltige Korrespondenz zeugt \u2013 dass es eine enge Verbindung zwischen Christentum und Judentum gibt und bek\u00e4mpfte rassistische Ideologien und Totalitarismen. W\u00e4hrend des Zweiten Weltkrieges vertrat er \u00abscharfsinnig und mutig\u00bb seine Haltung f\u00fcr die Menschenrechte und erinnerte dran, dass politische Entscheidungen und Handlungen h\u00f6heren Anforderungen gen\u00fcgen sollten, auch vonseiten neutraler Staaten.<\/p><p>1947 nahm Abt Journet an der internationalen Konferenz von Seelisberg teil, die dem Kampf gegen den Antisemitismus gewidmet war. Als Pr\u00e4lat des Papstes 1947, Mitglied der vorbereitenden theologischen Kommission f\u00fcr das II. Vatikanum 1960 und Titularbischof von Furnos Minor (Tunesien) wurde er von Paul VI. 1965 zum Kardinal ernannt mit dem Titel Santa Maria in Portico.<\/p><p>Bei der letzten Session des Konzils leistete er einige wesentliche Beitr\u00e4ge, vor allem \u00fcber die Religionsfreiheit, die Unaufl\u00f6sbarkeit der Ehe oder die Erarbeitung der Apostolischen Konstitution Gaudium et Spes (Freude und Hoffnung). Diese pastorale Konstitution \u00ab\u00fcber die Kirche in der Welt heute\u00bb ist eines der wichtigsten Dokumente des Konzils.<\/p><p>Kardinal Journet verfasste zahlreiche theologische Schriften und Texte zur Meditation, die er als spirituelle Anleitungen betrachtete. Sein wichtigstes Werk befasste sich mit der Kirchenlehre, der Kirche des menschgewordenen Wortes (in 3 B\u00e4nden, zwischen 1941 und 1969). Er starb am 15. April 1975 und ist in der Chartreuse de La Valsainte beerdigt, wo er auf eigenen Wunsch in einem Grab mit einen einfachen Kreuz ruht.<\/p><ul><li><a href=\"https:\/\/diocese-lgf.ch\/cardinal_journet_conference_1965\/\" target=\"_blank\" rel=\"noopener\">Vortrag von Kardinal Journet \u00abL\u2019Eglise comme myst\u00e8re\u00bb, Freiburg, 1965<\/a><\/li><li><a href=\"https:\/\/diocese-lgf.ch\/cardinal_journet_testament_1975\/\" target=\"_blank\" rel=\"noopener\">Testament du Cardinal Journet, 1975<\/a><\/li><\/ul><\/div>\n\t\t\t\t<\/div>\n\t\t\t\t\t\t\t<div class=\"elementor-toggle-item\">\n\t\t\t\t\t<div id=\"elementor-tab-title-4843\" class=\"elementor-tab-title\" data-tab=\"3\" role=\"button\" aria-controls=\"elementor-tab-content-4843\" aria-expanded=\"false\">\n\t\t\t\t\t\t\t\t\t\t\t\t<span class=\"elementor-toggle-icon elementor-toggle-icon-left\" aria-hidden=\"true\">\n\t\t\t\t\t\t\t\t\t\t\t\t\t\t\t<span class=\"elementor-toggle-icon-closed\"><i class=\"fas fa-caret-right\"><\/i><\/span>\n\t\t\t\t\t\t\t\t<span class=\"elementor-toggle-icon-opened\"><i class=\"elementor-toggle-icon-opened fas fa-caret-up\"><\/i><\/span>\n\t\t\t\t\t\t\t\t\t\t\t\t\t<\/span>\n\t\t\t\t\t\t\t\t\t\t\t\t<a class=\"elementor-toggle-title\" tabindex=\"0\">Gaspard MERMILLOD (1824-1892)<\/a>\n\t\t\t\t\t<\/div>\n\n\t\t\t\t\t<div id=\"elementor-tab-content-4843\" class=\"elementor-tab-content elementor-clearfix\" data-tab=\"3\" role=\"region\" aria-labelledby=\"elementor-tab-title-4843\"><p><img loading=\"lazy\" decoding=\"async\" class=\"size-full wp-image-1909 alignleft\" src=\"https:\/\/diocese-lgf.ch\/wp-content\/uploads\/2019\/10\/Cardinal_Mermillod_83ab20a846.jpg\" alt=\"\" width=\"200\" height=\"252\" \/>Er wurde 1824 in Carouge (GE) geboren, wurde sp\u00e4ter Kaplan in Genf (Saint-Germain) und fiel durch seine Begabung als Redner auf anl\u00e4sslich seiner Reisen nach Paris und in andere franz\u00f6sische Di\u00f6zesen, um Mittel f\u00fcr den Bau der Kirche Notre-Dame (1857) zu sammeln. Nachdem er Erzpriester und Pfarrer in Genf (1864) war, ernannte man ihn zum Titularbischof von Hebron mit der Funktion des Weihbischofs von Genf. Dies wurde als erster Schritt auf die Errichtung einer Di\u00f6zese in Genf angesehen und missfiel den politischen Beh\u00f6rden. Seine Ernennung zum apostolischen Vikar von Genf im Jahre 1873 wurde als Angriff auf die Verfassung der Eidgenossenschaft betrachtet, sodass Mgr. Mermillod vom Bundesrat des Landes verwiesen wurde.<\/p><p>Trotzdem wird er 1883 Bischof von Lausanne und Genf, indem das problematische apostolische Vikariat von Genf abgeschafft wird. Zusammen mit europ\u00e4ischen katholischen Intellektuellen gr\u00fcndet er die Union von Freiburg, die sp\u00e4ter das Verfassen der Enzyklika \u00abRerum Novarum\u00bb von Leon XII. \u00fcber die Soziallehre beeinflussen sollte (1891). Er unterst\u00fctzt die katholische Presse. Als er 1890 Kardinal wird und nach Rom gerufen wird, \u00fcbergibt er seine Di\u00f6zese Joseph Deruaz, dem Pfarrer von Lausanne.<\/p><p>In Freiburg wurde das Kardinalsbier (\u00abCardinal\u00bb) zu seinen Ehren getauft.<\/p><\/div>\n\t\t\t\t<\/div>\n\t\t\t\t\t\t\t\t<\/div>\n\t\t\t\t\t\t<\/div>\n\t\t\t\t<\/div>\n\t\t\t\t\t<\/div>\n\t\t<\/div>\n\t\t\t\t\t<\/div>\n\t\t<\/section>\n\t\t\t\t<\/div>\n\t\t<\/div>","protected":false},"excerpt":{"rendered":"<p>Georges Marie Martin COTTIER (1922-2016) Als Dominikaner, Philosoph und Theologe war er stark vom Gedankengut von Kardinal Journet beeinflusst. Er wurde in Carouge geboren, erhielt sein Diplom in klassischer Philologie [&hellip;]<\/p>\n","protected":false},"author":4,"featured_media":0,"parent":6398,"menu_order":3,"comment_status":"closed","ping_status":"closed","template":"","meta":{"_acf_changed":false,"footnotes":""},"categories":[125,126],"tags":[],"class_list":["post-6470","page","type-page","status-publish","hentry","category-eveche-de","category-histoire-de"],"acf":[],"_links":{"self":[{"href":"https:\/\/diocese-lgf.ch\/de\/wp-json\/wp\/v2\/pages\/6470","targetHints":{"allow":["GET"]}}],"collection":[{"href":"https:\/\/diocese-lgf.ch\/de\/wp-json\/wp\/v2\/pages"}],"about":[{"href":"https:\/\/diocese-lgf.ch\/de\/wp-json\/wp\/v2\/types\/page"}],"author":[{"embeddable":true,"href":"https:\/\/diocese-lgf.ch\/de\/wp-json\/wp\/v2\/users\/4"}],"replies":[{"embeddable":true,"href":"https:\/\/diocese-lgf.ch\/de\/wp-json\/wp\/v2\/comments?post=6470"}],"version-history":[{"count":7,"href":"https:\/\/diocese-lgf.ch\/de\/wp-json\/wp\/v2\/pages\/6470\/revisions"}],"predecessor-version":[{"id":6479,"href":"https:\/\/diocese-lgf.ch\/de\/wp-json\/wp\/v2\/pages\/6470\/revisions\/6479"}],"up":[{"embeddable":true,"href":"https:\/\/diocese-lgf.ch\/de\/wp-json\/wp\/v2\/pages\/6398"}],"wp:attachment":[{"href":"https:\/\/diocese-lgf.ch\/de\/wp-json\/wp\/v2\/media?parent=6470"}],"wp:term":[{"taxonomy":"category","embeddable":true,"href":"https:\/\/diocese-lgf.ch\/de\/wp-json\/wp\/v2\/categories?post=6470"},{"taxonomy":"post_tag","embeddable":true,"href":"https:\/\/diocese-lgf.ch\/de\/wp-json\/wp\/v2\/tags?post=6470"}],"curies":[{"name":"wp","href":"https:\/\/api.w.org\/{rel}","templated":true}]}}