{"id":5932,"date":"2020-10-07T11:35:00","date_gmt":"2020-10-07T09:35:00","guid":{"rendered":"https:\/\/diocese-lgf.emblematik.dev\/aktualitat-des-bistums\/"},"modified":"2025-03-30T17:28:05","modified_gmt":"2025-03-30T15:28:05","slug":"aktualitat-des-bistums","status":"publish","type":"page","link":"https:\/\/diocese-lgf.ch\/de\/","title":{"rendered":"Aktuelles aus dem Bistum"},"content":{"rendered":"<div class=\"pf-content\">\t\t<div data-elementor-type=\"wp-post\" data-elementor-id=\"5932\" class=\"elementor elementor-5932 elementor-20\" data-elementor-post-type=\"page\">\n\t\t\t\t\t\t<section class=\"elementor-section elementor-top-section elementor-element elementor-element-d1f79aa elementor-section-boxed elementor-section-height-default elementor-section-height-default\" data-id=\"d1f79aa\" data-element_type=\"section\" data-e-type=\"section\">\n\t\t\t\t\t\t<div class=\"elementor-container elementor-column-gap-default\">\n\t\t\t\t\t<div class=\"elementor-column elementor-col-100 elementor-top-column elementor-element elementor-element-24b7f97\" data-id=\"24b7f97\" data-element_type=\"column\" data-e-type=\"column\" data-settings=\"{&quot;background_background&quot;:&quot;classic&quot;}\">\n\t\t\t<div class=\"elementor-widget-wrap elementor-element-populated\">\n\t\t\t\t\t\t<div class=\"elementor-element elementor-element-9c446c7 elementor-grid-3 elementor-grid-tablet-2 elementor-grid-mobile-1 elementor-widget elementor-widget-elementor-blog-posts\" data-id=\"9c446c7\" data-element_type=\"widget\" data-e-type=\"widget\" data-settings=\"{&quot;columns&quot;:&quot;3&quot;,&quot;columns_tablet&quot;:&quot;2&quot;,&quot;columns_mobile&quot;:&quot;1&quot;}\" data-widget_type=\"elementor-blog-posts.default\">\n\t\t\t\t<div class=\"elementor-widget-container\">\n\t\t\t\t\t\t\t<div class=\"wpcap-grid\">\n\t\t\t\t\t\t<div class=\"wpcap-grid-container elementor-grid wpcap-grid-desktop-3 wpcap-grid-tablet-2 wpcap-grid-mobile-1\">\n\n\t\t\t\t\n        <article id=\"post-34692\" class=\"wpcap-post post-34692 post type-post status-publish format-standard has-post-thumbnail hentry category-aktualitat category-article-de category-hauptmenu category-homagepage-de category-mitteilungen\">\n         \n            <div class=\"post-grid-inner\">\n                \n                \t\t\t<div class=\"post-grid-thumbnail\">\n\t\t\t\t<a href=\"https:\/\/diocese-lgf.ch\/de\/schweizer-bischoefe-evangelium-heisst-frieden\/\">\n\t\t\t\t\t<img fetchpriority=\"high\" decoding=\"async\" width=\"800\" height=\"400\" src=\"https:\/\/diocese-lgf.ch\/wp-content\/uploads\/2020\/12\/IMG_2229-800x400.jpg\" class=\"attachment-custom-image-post size-custom-image-post wp-post-image\" alt=\"\" \/>\t\t\t\t<\/a>\n\t\t\t<\/div>\n        \n                <div class=\"post-grid-text-wrap\">\n                    \t\t<div class=\"post-grid-meta\">\n\t\t\t\n\t\t\t\t<span class=\"post-date\"><time datetime=\"2026-04-14T17:00:00+02:00\">14. April 2026<\/time><\/span>\n\n\t\t\t\t\t\t<\/div>\n\t\t                    \t\t<h3 class=\"title\">\n\t\t\t<a href=\"https:\/\/diocese-lgf.ch\/de\/schweizer-bischoefe-evangelium-heisst-frieden\/\">Schweizer Bisch\u00f6fe: Evangelium heisst Frieden<\/a>\n\t\t<\/h3>\n\t\t                    \t\t<div class=\"post-grid-excerpt\">\n\t\t\t<p>Das Pr\u00e4sidium der Schweizer Bischofskonferenz hat sich an seiner heutigen Sitzung (14.04.2026) mit den j\u00fcngsten \u00f6ffentlichen Appellen von Papst Leo XIV. zum Frieden sowie mit seiner klaren und unmissverst\u00e4ndlichen Haltung&hellip;<\/p>\n\t\t<\/div>\n\t\t                                    <\/div>\n\n            <\/div><!-- .blog-inner -->\n           \n        <\/article>\n\n        \n        <article id=\"post-34526\" class=\"wpcap-post post-34526 post type-post status-publish format-standard has-post-thumbnail hentry category-aktualitat category-article-de category-articles-fr-de category-hauptmenu category-homagepage-de category-homepage-de category-mitteilungen\">\n         \n            <div class=\"post-grid-inner\">\n                \n                \t\t\t<div class=\"post-grid-thumbnail\">\n\t\t\t\t<a href=\"https:\/\/diocese-lgf.ch\/de\/11-april-2026-gebetswache-fuer-den-frieden-im-petersdom\/\">\n\t\t\t\t\t<img decoding=\"async\" width=\"800\" height=\"400\" src=\"https:\/\/diocese-lgf.ch\/wp-content\/uploads\/2022\/02\/colombe-800x400.jpg\" class=\"attachment-custom-image-post size-custom-image-post wp-post-image\" alt=\"\" \/>\t\t\t\t<\/a>\n\t\t\t<\/div>\n        \n                <div class=\"post-grid-text-wrap\">\n                    \t\t<div class=\"post-grid-meta\">\n\t\t\t\n\t\t\t\t<span class=\"post-date\"><time datetime=\"2026-04-08T13:51:41+02:00\">8. April 2026<\/time><\/span>\n\n\t\t\t\t\t\t<\/div>\n\t\t                    \t\t<h3 class=\"title\">\n\t\t\t<a href=\"https:\/\/diocese-lgf.ch\/de\/11-april-2026-gebetswache-fuer-den-frieden-im-petersdom\/\">11. April 2026: Gebetswache f\u00fcr den Frieden im Petersdom<\/a>\n\t\t<\/h3>\n\t\t                    \t\t<div class=\"post-grid-excerpt\">\n\t\t\t<p>Wie der Vatikan anschlie\u00dfend an die Generalaudienz bekanntgab, wird die durch den Papst schon am Ostersonntag angek\u00fcndigte Gebetswache im Petersdom am kommenden\u00a011. April (Samstag) um 18 Uhr\u00a0beginnen. Radio Vatikan \u00fcbertr\u00e4gt&hellip;<\/p>\n\t\t<\/div>\n\t\t                                    <\/div>\n\n            <\/div><!-- .blog-inner -->\n           \n        <\/article>\n\n        \n        <article id=\"post-6047\" class=\"wpcap-post post-6047 post type-post status-publish format-standard has-post-thumbnail hentry category-aktualitat category-articles-fr-de category-hauptmenu category-homagepage-de category-homepage-de\">\n         \n            <div class=\"post-grid-inner\">\n                \n                \t\t\t<div class=\"post-grid-thumbnail\">\n\t\t\t\t<a href=\"https:\/\/diocese-lgf.ch\/de\/mot-de-leveque-de\/\">\n\t\t\t\t\t<img decoding=\"async\" width=\"800\" height=\"400\" src=\"https:\/\/diocese-lgf.ch\/wp-content\/uploads\/2020\/05\/CM_serieus-800x400.jpg\" class=\"attachment-custom-image-post size-custom-image-post wp-post-image\" alt=\"\" \/>\t\t\t\t<\/a>\n\t\t\t<\/div>\n        \n                <div class=\"post-grid-text-wrap\">\n                    \t\t<div class=\"post-grid-meta\">\n\t\t\t\n\t\t\t\t<span class=\"post-date\"><time datetime=\"2026-04-02T11:00:00+02:00\">2. April 2026<\/time><\/span>\n\n\t\t\t\t\t\t<\/div>\n\t\t                    \t\t<h3 class=\"title\">\n\t\t\t<a href=\"https:\/\/diocese-lgf.ch\/de\/mot-de-leveque-de\/\">Wort des Bischofs<\/a>\n\t\t<\/h3>\n\t\t                    \t\t<div class=\"post-grid-excerpt\">\n\t\t\t<p>Ich schreibe w\u00e4hrend der Karwoche. Der Karfreitag wirft eine dramatische Frage auf: W\u00e4re die Welt anders, wenn der Sohn Gottes nicht Mensch geworden w\u00e4re, wenn er diese Qualen nicht erlitten&hellip;<\/p>\n\t\t<\/div>\n\t\t                                    <\/div>\n\n            <\/div><!-- .blog-inner -->\n           \n        <\/article>\n\n        \n\t\t\t<\/div>\n\t\t<\/div>\n\t\t\t\t\t\t<\/div>\n\t\t\t\t<\/div>\n\t\t\t\t\t<\/div>\n\t\t<\/div>\n\t\t\t\t\t<\/div>\n\t\t<\/section>\n\t\t\t\t<section class=\"elementor-section elementor-top-section elementor-element elementor-element-cf47809 elementor-section-boxed elementor-section-height-default elementor-section-height-default\" data-id=\"cf47809\" data-element_type=\"section\" data-e-type=\"section\">\n\t\t\t\t\t\t<div class=\"elementor-container elementor-column-gap-default\">\n\t\t\t\t\t<div class=\"elementor-column elementor-col-100 elementor-top-column elementor-element elementor-element-d21e1bc\" data-id=\"d21e1bc\" data-element_type=\"column\" data-e-type=\"column\">\n\t\t\t<div class=\"elementor-widget-wrap elementor-element-populated\">\n\t\t\t\t\t\t<div class=\"elementor-element elementor-element-56d00ba elementor-widget-divider--view-line elementor-widget elementor-widget-divider\" data-id=\"56d00ba\" data-element_type=\"widget\" data-e-type=\"widget\" data-widget_type=\"divider.default\">\n\t\t\t\t<div class=\"elementor-widget-container\">\n\t\t\t\t\t\t\t<div class=\"elementor-divider\">\n\t\t\t<span class=\"elementor-divider-separator\">\n\t\t\t\t\t\t<\/span>\n\t\t<\/div>\n\t\t\t\t\t\t<\/div>\n\t\t\t\t<\/div>\n\t\t\t\t\t<\/div>\n\t\t<\/div>\n\t\t\t\t\t<\/div>\n\t\t<\/section>\n\t\t\t\t<section class=\"elementor-section elementor-top-section elementor-element elementor-element-8cdf623 elementor-section-boxed elementor-section-height-default elementor-section-height-default\" data-id=\"8cdf623\" data-element_type=\"section\" data-e-type=\"section\" data-settings=\"{&quot;background_background&quot;:&quot;classic&quot;}\">\n\t\t\t\t\t\t<div class=\"elementor-container elementor-column-gap-default\">\n\t\t\t\t\t<div class=\"elementor-column elementor-col-25 elementor-top-column elementor-element elementor-element-dab1662\" data-id=\"dab1662\" data-element_type=\"column\" data-e-type=\"column\">\n\t\t\t<div class=\"elementor-widget-wrap elementor-element-populated\">\n\t\t\t\t\t\t<div class=\"elementor-element elementor-element-56f1f19 animated-fast elementor-position-top elementor-invisible elementor-widget elementor-widget-image-box\" data-id=\"56f1f19\" data-element_type=\"widget\" data-e-type=\"widget\" data-settings=\"{&quot;_animation&quot;:&quot;bounceIn&quot;}\" data-widget_type=\"image-box.default\">\n\t\t\t\t<div class=\"elementor-widget-container\">\n\t\t\t\t\t<div class=\"elementor-image-box-wrapper\"><figure class=\"elementor-image-box-img\"><a href=\"https:\/\/diocese-lgf.ch\/de\/gottesdienste\/\" tabindex=\"-1\"><img loading=\"lazy\" decoding=\"async\" width=\"401\" height=\"291\" src=\"https:\/\/diocese-lgf.ch\/wp-content\/uploads\/2019\/06\/messe.png\" class=\"elementor-animation-bounce-in attachment-full size-full wp-image-5933\" alt=\"\" srcset=\"https:\/\/diocese-lgf.ch\/wp-content\/uploads\/2019\/06\/messe.png 401w, https:\/\/diocese-lgf.ch\/wp-content\/uploads\/2019\/06\/messe-300x218.png 300w\" sizes=\"(max-width: 401px) 100vw, 401px\" \/><\/a><\/figure><div class=\"elementor-image-box-content\"><h3 class=\"elementor-image-box-title\"><a href=\"https:\/\/diocese-lgf.ch\/de\/gottesdienste\/\">Gottesdienste<\/a><\/h3><p class=\"elementor-image-box-description\">Wo kann ich einen Gottesdienste besuchen?<\/p><\/div><\/div>\t\t\t\t<\/div>\n\t\t\t\t<\/div>\n\t\t\t\t\t<\/div>\n\t\t<\/div>\n\t\t\t\t<div class=\"elementor-column elementor-col-25 elementor-top-column elementor-element elementor-element-35b1a7f\" data-id=\"35b1a7f\" data-element_type=\"column\" data-e-type=\"column\">\n\t\t\t<div class=\"elementor-widget-wrap elementor-element-populated\">\n\t\t\t\t\t\t<div class=\"elementor-element elementor-element-b3625e0 animated-fast elementor-position-top elementor-invisible elementor-widget elementor-widget-image-box\" data-id=\"b3625e0\" data-element_type=\"widget\" data-e-type=\"widget\" data-settings=\"{&quot;_animation&quot;:&quot;bounceIn&quot;}\" data-widget_type=\"image-box.default\">\n\t\t\t\t<div class=\"elementor-widget-container\">\n\t\t\t\t\t<div class=\"elementor-image-box-wrapper\"><figure class=\"elementor-image-box-img\"><a href=\"https:\/\/diocese-lgf.ch\/de\/synode-2023\/\" tabindex=\"-1\"><img loading=\"lazy\" decoding=\"async\" width=\"130\" height=\"126\" src=\"https:\/\/diocese-lgf.ch\/wp-content\/uploads\/2022\/05\/S-1.jpg\" class=\"elementor-animation-bounce-in attachment-full size-full wp-image-18274\" alt=\"\" \/><\/a><\/figure><div class=\"elementor-image-box-content\"><h3 class=\"elementor-image-box-title\"><a href=\"https:\/\/diocese-lgf.ch\/de\/synode-2023\/\">Synode<\/a><\/h3><p class=\"elementor-image-box-description\">Was ist mit dem Synodenprozess 2021-2023?<\/p><\/div><\/div>\t\t\t\t<\/div>\n\t\t\t\t<\/div>\n\t\t\t\t\t<\/div>\n\t\t<\/div>\n\t\t\t\t<div class=\"elementor-column elementor-col-25 elementor-top-column elementor-element elementor-element-af66fc8\" data-id=\"af66fc8\" data-element_type=\"column\" data-e-type=\"column\">\n\t\t\t<div class=\"elementor-widget-wrap elementor-element-populated\">\n\t\t\t\t\t\t<div class=\"elementor-element elementor-element-2f65f7f animated-fast elementor-position-top elementor-invisible elementor-widget elementor-widget-image-box\" data-id=\"2f65f7f\" data-element_type=\"widget\" data-e-type=\"widget\" data-settings=\"{&quot;_animation&quot;:&quot;bounceIn&quot;}\" data-widget_type=\"image-box.default\">\n\t\t\t\t<div class=\"elementor-widget-container\">\n\t\t\t\t\t<div class=\"elementor-image-box-wrapper\"><figure class=\"elementor-image-box-img\"><a href=\"https:\/\/diocese-lgf.ch\/de\/newsletters\/\" tabindex=\"-1\"><img loading=\"lazy\" decoding=\"async\" width=\"324\" height=\"400\" src=\"https:\/\/diocese-lgf.ch\/wp-content\/uploads\/2019\/06\/newsletter.png\" class=\"elementor-animation-bounce-in attachment-full size-full wp-image-5937\" alt=\"\" srcset=\"https:\/\/diocese-lgf.ch\/wp-content\/uploads\/2019\/06\/newsletter.png 324w, https:\/\/diocese-lgf.ch\/wp-content\/uploads\/2019\/06\/newsletter-243x300.png 243w\" sizes=\"(max-width: 324px) 100vw, 324px\" \/><\/a><\/figure><div class=\"elementor-image-box-content\"><h3 class=\"elementor-image-box-title\"><a href=\"https:\/\/diocese-lgf.ch\/de\/newsletters\/\">Newsletter<\/a><\/h3><p class=\"elementor-image-box-description\">Was gibt es Neues in meiner Di\u00f6zese?<\/p><\/div><\/div>\t\t\t\t<\/div>\n\t\t\t\t<\/div>\n\t\t\t\t\t<\/div>\n\t\t<\/div>\n\t\t\t\t<div class=\"elementor-column elementor-col-25 elementor-top-column elementor-element elementor-element-3b49f74\" data-id=\"3b49f74\" data-element_type=\"column\" data-e-type=\"column\">\n\t\t\t<div class=\"elementor-widget-wrap elementor-element-populated\">\n\t\t\t\t\t\t<div class=\"elementor-element elementor-element-3a8075a animated-fast elementor-position-top elementor-invisible elementor-widget elementor-widget-image-box\" data-id=\"3a8075a\" data-element_type=\"widget\" data-e-type=\"widget\" data-settings=\"{&quot;_animation&quot;:&quot;bounceIn&quot;}\" data-widget_type=\"image-box.default\">\n\t\t\t\t<div class=\"elementor-widget-container\">\n\t\t\t\t\t<div class=\"elementor-image-box-wrapper\"><figure class=\"elementor-image-box-img\"><a href=\"https:\/\/diocese-lgf.ch\/de\/pravention-von-sexuellem-missbrauch\/\" tabindex=\"-1\"><img loading=\"lazy\" decoding=\"async\" width=\"333\" height=\"401\" src=\"https:\/\/diocese-lgf.ch\/wp-content\/uploads\/2019\/06\/abus.png\" class=\"elementor-animation-bounce-in attachment-full size-full wp-image-5939\" alt=\"\" srcset=\"https:\/\/diocese-lgf.ch\/wp-content\/uploads\/2019\/06\/abus.png 333w, https:\/\/diocese-lgf.ch\/wp-content\/uploads\/2019\/06\/abus-249x300.png 249w\" sizes=\"(max-width: 333px) 100vw, 333px\" \/><\/a><\/figure><div class=\"elementor-image-box-content\"><h3 class=\"elementor-image-box-title\"><a href=\"https:\/\/diocese-lgf.ch\/de\/pravention-von-sexuellem-missbrauch\/\">Missbrauch<\/a><\/h3><p class=\"elementor-image-box-description\">Was soll ich im Fall von vermutetem oder erwiesenem Missbrauch tun?<\/p><\/div><\/div>\t\t\t\t<\/div>\n\t\t\t\t<\/div>\n\t\t\t\t\t<\/div>\n\t\t<\/div>\n\t\t\t\t\t<\/div>\n\t\t<\/section>\n\t\t\t\t<section class=\"elementor-section elementor-top-section elementor-element elementor-element-945ac2a elementor-section-boxed elementor-section-height-default elementor-section-height-default\" data-id=\"945ac2a\" data-element_type=\"section\" data-e-type=\"section\" data-settings=\"{&quot;background_background&quot;:&quot;classic&quot;}\">\n\t\t\t\t\t\t<div class=\"elementor-container elementor-column-gap-default\">\n\t\t\t\t\t<div class=\"elementor-column elementor-col-25 elementor-top-column elementor-element elementor-element-a864682\" data-id=\"a864682\" data-element_type=\"column\" data-e-type=\"column\">\n\t\t\t<div class=\"elementor-widget-wrap elementor-element-populated\">\n\t\t\t\t\t\t<div class=\"elementor-element elementor-element-6bdb377 animated-fast elementor-position-top elementor-invisible elementor-widget elementor-widget-image-box\" data-id=\"6bdb377\" data-element_type=\"widget\" data-e-type=\"widget\" data-settings=\"{&quot;_animation&quot;:&quot;bounceIn&quot;}\" data-widget_type=\"image-box.default\">\n\t\t\t\t<div class=\"elementor-widget-container\">\n\t\t\t\t\t<div class=\"elementor-image-box-wrapper\"><figure class=\"elementor-image-box-img\"><a href=\"https:\/\/diocese-lgf.ch\/de\/bischofe\/mgr-charles-morerod\/bischofsbier\/\" tabindex=\"-1\"><img loading=\"lazy\" decoding=\"async\" width=\"210\" height=\"401\" src=\"https:\/\/diocese-lgf.ch\/wp-content\/uploads\/2019\/06\/biere.png\" class=\"elementor-animation-bounce-in attachment-full size-full wp-image-5941\" alt=\"\" srcset=\"https:\/\/diocese-lgf.ch\/wp-content\/uploads\/2019\/06\/biere.png 210w, https:\/\/diocese-lgf.ch\/wp-content\/uploads\/2019\/06\/biere-157x300.png 157w\" sizes=\"(max-width: 210px) 100vw, 210px\" \/><\/a><\/figure><div class=\"elementor-image-box-content\"><h3 class=\"elementor-image-box-title\"><a href=\"https:\/\/diocese-lgf.ch\/de\/bischofe\/mgr-charles-morerod\/bischofsbier\/\">Bischofsbier<\/a><\/h3><p class=\"elementor-image-box-description\">Ich m\u00f6chte Bischofsbier bestellen.<\/p><\/div><\/div>\t\t\t\t<\/div>\n\t\t\t\t<\/div>\n\t\t\t\t\t<\/div>\n\t\t<\/div>\n\t\t\t\t<div class=\"elementor-column elementor-col-25 elementor-top-column elementor-element elementor-element-d95a48c\" data-id=\"d95a48c\" data-element_type=\"column\" data-e-type=\"column\">\n\t\t\t<div class=\"elementor-widget-wrap elementor-element-populated\">\n\t\t\t\t\t\t<div class=\"elementor-element elementor-element-253e2b6 animated-fast elementor-position-top elementor-invisible elementor-widget elementor-widget-image-box\" data-id=\"253e2b6\" data-element_type=\"widget\" data-e-type=\"widget\" data-settings=\"{&quot;_animation&quot;:&quot;bounceIn&quot;}\" data-widget_type=\"image-box.default\">\n\t\t\t\t<div class=\"elementor-widget-container\">\n\t\t\t\t\t<div class=\"elementor-image-box-wrapper\"><figure class=\"elementor-image-box-img\"><a href=\"https:\/\/diocese-lgf.ch\/de\/bischofe\/\" tabindex=\"-1\"><img loading=\"lazy\" decoding=\"async\" width=\"281\" height=\"401\" src=\"https:\/\/diocese-lgf.ch\/wp-content\/uploads\/2019\/06\/eveque.png\" class=\"elementor-animation-bounce-in attachment-full size-full wp-image-5943\" alt=\"\" srcset=\"https:\/\/diocese-lgf.ch\/wp-content\/uploads\/2019\/06\/eveque.png 281w, https:\/\/diocese-lgf.ch\/wp-content\/uploads\/2019\/06\/eveque-210x300.png 210w\" sizes=\"(max-width: 281px) 100vw, 281px\" \/><\/a><\/figure><div class=\"elementor-image-box-content\"><h3 class=\"elementor-image-box-title\"><a href=\"https:\/\/diocese-lgf.ch\/de\/bischofe\/\">Bisch\u00f6fe<\/a><\/h3><p class=\"elementor-image-box-description\">Wer sind die Bisch\u00f6fe der Di\u00f6zese?<\/p><\/div><\/div>\t\t\t\t<\/div>\n\t\t\t\t<\/div>\n\t\t\t\t\t<\/div>\n\t\t<\/div>\n\t\t\t\t<div class=\"elementor-column elementor-col-25 elementor-top-column elementor-element elementor-element-ab96d33\" data-id=\"ab96d33\" data-element_type=\"column\" data-e-type=\"column\">\n\t\t\t<div class=\"elementor-widget-wrap elementor-element-populated\">\n\t\t\t\t\t\t<div class=\"elementor-element elementor-element-789932b animated-fast elementor-position-top elementor-invisible elementor-widget elementor-widget-image-box\" data-id=\"789932b\" data-element_type=\"widget\" data-e-type=\"widget\" data-settings=\"{&quot;_animation&quot;:&quot;bounceIn&quot;}\" data-widget_type=\"image-box.default\">\n\t\t\t\t<div class=\"elementor-widget-container\">\n\t\t\t\t\t<div class=\"elementor-image-box-wrapper\"><figure class=\"elementor-image-box-img\"><a href=\"https:\/\/diocese-lgf.ch\/de\/personalverzeichnis\/\" tabindex=\"-1\"><img loading=\"lazy\" decoding=\"async\" width=\"347\" height=\"401\" src=\"https:\/\/diocese-lgf.ch\/wp-content\/uploads\/2020\/10\/annuaire.png\" class=\"elementor-animation-bounce-in attachment-full size-full wp-image-6396\" alt=\"\" srcset=\"https:\/\/diocese-lgf.ch\/wp-content\/uploads\/2020\/10\/annuaire.png 347w, https:\/\/diocese-lgf.ch\/wp-content\/uploads\/2020\/10\/annuaire-260x300.png 260w\" sizes=\"(max-width: 347px) 100vw, 347px\" \/><\/a><\/figure><div class=\"elementor-image-box-content\"><h3 class=\"elementor-image-box-title\"><a href=\"https:\/\/diocese-lgf.ch\/de\/personalverzeichnis\/\">Personalverzeichnis<\/a><\/h3><p class=\"elementor-image-box-description\">Ich m\u00f6chte Kontakt aufnehmen mit jemanden, der f\u00fcr die Di\u00f6zese arbeitet.<\/p><\/div><\/div>\t\t\t\t<\/div>\n\t\t\t\t<\/div>\n\t\t\t\t\t<\/div>\n\t\t<\/div>\n\t\t\t\t<div class=\"elementor-column elementor-col-25 elementor-top-column elementor-element elementor-element-2ec0b97\" data-id=\"2ec0b97\" data-element_type=\"column\" data-e-type=\"column\">\n\t\t\t<div class=\"elementor-widget-wrap elementor-element-populated\">\n\t\t\t\t\t\t<div class=\"elementor-element elementor-element-13acb39 animated-fast elementor-position-top elementor-invisible elementor-widget elementor-widget-image-box\" data-id=\"13acb39\" data-element_type=\"widget\" data-e-type=\"widget\" data-settings=\"{&quot;_animation&quot;:&quot;bounceIn&quot;}\" data-widget_type=\"image-box.default\">\n\t\t\t\t<div class=\"elementor-widget-container\">\n\t\t\t\t\t<div class=\"elementor-image-box-wrapper\"><figure class=\"elementor-image-box-img\"><a href=\"https:\/\/diocese-lgf.ch\/de\/spenden\/\" tabindex=\"-1\"><img loading=\"lazy\" decoding=\"async\" width=\"401\" height=\"401\" src=\"https:\/\/diocese-lgf.ch\/wp-content\/uploads\/2020\/10\/don.png\" class=\"elementor-animation-bounce-in attachment-full size-full wp-image-6424\" alt=\"\" srcset=\"https:\/\/diocese-lgf.ch\/wp-content\/uploads\/2020\/10\/don.png 401w, https:\/\/diocese-lgf.ch\/wp-content\/uploads\/2020\/10\/don-300x300.png 300w, https:\/\/diocese-lgf.ch\/wp-content\/uploads\/2020\/10\/don-150x150.png 150w\" sizes=\"(max-width: 401px) 100vw, 401px\" \/><\/a><\/figure><div class=\"elementor-image-box-content\"><h3 class=\"elementor-image-box-title\"><a href=\"https:\/\/diocese-lgf.ch\/de\/spenden\/\">SPENDEN<\/a><\/h3><p class=\"elementor-image-box-description\">Ich m\u00f6chte dem Bistum eine Spende zukommen lassen.<\/p><\/div><\/div>\t\t\t\t<\/div>\n\t\t\t\t<\/div>\n\t\t\t\t\t<\/div>\n\t\t<\/div>\n\t\t\t\t\t<\/div>\n\t\t<\/section>\n\t\t\t\t<\/div>\n\t\t<\/div>","protected":false},"excerpt":{"rendered":"<p>24.03.2025 Hirtenbrief 2025 Lasst uns die Hoffnung weitergeben Pastoralbrief (in den Gottesdiensten vom Wochenende des 22. und 23. M\u00e4rz 2025 verlesen) in verschiedenen Sprachen und Formaten erh\u00e4ltlich. 04.03.2025 Wort des [&hellip;]<\/p>\n","protected":false},"author":1,"featured_media":0,"parent":0,"menu_order":0,"comment_status":"closed","ping_status":"closed","template":"fullwidth.php","meta":{"_acf_changed":false,"footnotes":""},"categories":[],"tags":[],"class_list":["post-5932","page","type-page","status-publish","hentry"],"acf":[],"_links":{"self":[{"href":"https:\/\/diocese-lgf.ch\/de\/wp-json\/wp\/v2\/pages\/5932","targetHints":{"allow":["GET"]}}],"collection":[{"href":"https:\/\/diocese-lgf.ch\/de\/wp-json\/wp\/v2\/pages"}],"about":[{"href":"https:\/\/diocese-lgf.ch\/de\/wp-json\/wp\/v2\/types\/page"}],"author":[{"embeddable":true,"href":"https:\/\/diocese-lgf.ch\/de\/wp-json\/wp\/v2\/users\/1"}],"replies":[{"embeddable":true,"href":"https:\/\/diocese-lgf.ch\/de\/wp-json\/wp\/v2\/comments?post=5932"}],"version-history":[{"count":45,"href":"https:\/\/diocese-lgf.ch\/de\/wp-json\/wp\/v2\/pages\/5932\/revisions"}],"predecessor-version":[{"id":29568,"href":"https:\/\/diocese-lgf.ch\/de\/wp-json\/wp\/v2\/pages\/5932\/revisions\/29568"}],"wp:attachment":[{"href":"https:\/\/diocese-lgf.ch\/de\/wp-json\/wp\/v2\/media?parent=5932"}],"wp:term":[{"taxonomy":"category","embeddable":true,"href":"https:\/\/diocese-lgf.ch\/de\/wp-json\/wp\/v2\/categories?post=5932"},{"taxonomy":"post_tag","embeddable":true,"href":"https:\/\/diocese-lgf.ch\/de\/wp-json\/wp\/v2\/tags?post=5932"}],"curies":[{"name":"wp","href":"https:\/\/api.w.org\/{rel}","templated":true}]}}